{"id":2966,"date":"2019-02-05T09:36:22","date_gmt":"2019-02-05T09:36:22","guid":{"rendered":"http:\/\/retiplus.com\/?page_id=2966"},"modified":"2023-02-28T19:25:00","modified_gmt":"2023-02-28T19:25:00","slug":"faqs","status":"publish","type":"page","link":"https:\/\/retiplus.com\/en\/faqs\/","title":{"rendered":"FAQs"},"content":{"rendered":"<div class=\"wpb-content-wrapper\"><p>[vc_row][vc_column][vc_custom_heading text=&#8221;Patients FAQs&#8221; font_container=&#8221;tag:h2|font_size:25|text_align:left|line_height:1.2&#8243; use_theme_fonts=&#8221;yes&#8221;]<div class=\"porto-faqs porto-faqshflj wpb_content_element \">\r\n\t<div class=\"page-faqs clearfix wpb_custom_8c8d4ffb5a9c2b0bd54e7fdc995756e6\" id=\"porto_faqs_kc45\">\r\n\r\n\t\t\r\n\t\t\r\n\t\t<div class=\"faq-row faqs-container\">\r\n\t\t\t\r\n<div class=\"faq pacienteseng post-2994 type-faq status-publish hentry faq_cat-pacienteseng\">\r\n\t<section class=\"toggle\">\r\n\t\t<label>What do RETIPLUS\u00ae doctors think?<\/label>\r\n\t\t<div class=\"toggle-content\">\r\n\t\t<h3 class=\"entry-title\" style=\"display: none;\">What do RETIPLUS\u00ae doctors think?<\/h3><span class=\"vcard\" style=\"display: none;\"><span class=\"fn\"><a href=\"https:\/\/retiplus.com\/en\/author\/admin\/\" title=\"Posts by admin\" rel=\"author\">admin<\/a><\/span><\/span><span class=\"updated\" style=\"display:none\">2023-02-22T09:58:28+00:00<\/span>\r\n<p><span style=\"color: #000000; font-size: 18px;\">Relevant retina specialized ophthalmologists worldwide are supporting the RETIPLUS SYSTEM for its innovative value and the promising future for helping different visual conditions. You can find their opinions in the testimonials section.<\/span><\/p>\r\n\t\t<\/div>\r\n\t<\/section>\r\n<\/div>\r\n\r\n<div class=\"faq pacienteseng post-2993 type-faq status-publish hentry faq_cat-pacienteseng\">\r\n\t<section class=\"toggle\">\r\n\t\t<label>What training will I need?<\/label>\r\n\t\t<div class=\"toggle-content\">\r\n\t\t<h3 class=\"entry-title\" style=\"display: none;\">What training will I need?<\/h3><span class=\"vcard\" style=\"display: none;\"><span class=\"fn\"><a href=\"https:\/\/retiplus.com\/en\/author\/admin\/\" title=\"Posts by admin\" rel=\"author\">admin<\/a><\/span><\/span><span class=\"updated\" style=\"display:none\">2023-02-22T09:54:14+00:00<\/span><span style=\"font-size: 18px; color: #000000;\">Even using a cane requires some training. Also for RETIPLUS SmartGlasses. Your specialist should analyze your visual condition and personal characteristics to evaluate the training you would need.<\/span>\t\t<\/div>\r\n\t<\/section>\r\n<\/div>\r\n\r\n<div class=\"faq pacienteseng post-2992 type-faq status-publish hentry faq_cat-pacienteseng\">\r\n\t<section class=\"toggle\">\r\n\t\t<label>What is the price of SmartGlasses?<\/label>\r\n\t\t<div class=\"toggle-content\">\r\n\t\t<h3 class=\"entry-title\" style=\"display: none;\">What is the price of SmartGlasses?<\/h3><span class=\"vcard\" style=\"display: none;\"><span class=\"fn\"><a href=\"https:\/\/retiplus.com\/en\/author\/admin\/\" title=\"Posts by admin\" rel=\"author\">admin<\/a><\/span><\/span><span class=\"updated\" style=\"display:none\">2023-02-22T10:12:08+00:00<\/span><span style=\"color: #000000; font-size: 18px;\">SmartGlasses are prescribed and acquired through RETIPLUS CERTIFIED OPTOMETRISTS (RCOs) and some training is usually required depending on the patient's visual condition and personal characteristics. Therefore, the price is variable according to each treatment. However, RETIPLUS is probably the most competitive technological wearable aid in the world market.<\/span>\t\t<\/div>\r\n\t<\/section>\r\n<\/div>\r\n\r\n<div class=\"faq pacienteseng post-2991 type-faq status-publish hentry faq_cat-pacienteseng\">\r\n\t<section class=\"toggle\">\r\n\t\t<label>Could I go to the cinema or theatre?<\/label>\r\n\t\t<div class=\"toggle-content\">\r\n\t\t<h3 class=\"entry-title\" style=\"display: none;\">Could I go to the cinema or theatre?<\/h3><span class=\"vcard\" style=\"display: none;\"><span class=\"fn\"><a href=\"https:\/\/retiplus.com\/en\/author\/admin\/\" title=\"Posts by admin\" rel=\"author\">admin<\/a><\/span><\/span><span class=\"updated\" style=\"display:none\">2023-02-22T09:59:35+00:00<\/span>\r\n<p><span style=\"font-size: 18px; color: #000000;\">It depends of visual conditions and pathologies, but in general many people recover the illusion of being able to enjoy theatre, museums and sports and leisure activities that before having RETIPLUS had lost. However, movies and television have major limitations depending scenes. Speedy movements scenes or blinking lights scenes are not welcome for damaged retinas even through RETIPLUS SmartGlasses.<\/span><\/p>\r\n\t\t<\/div>\r\n\t<\/section>\r\n<\/div>\r\n\r\n<div class=\"faq pacienteseng post-2990 type-faq status-publish hentry faq_cat-pacienteseng\">\r\n\t<section class=\"toggle\">\r\n\t\t<label>Can I walk with the SmartGlasses?<\/label>\r\n\t\t<div class=\"toggle-content\">\r\n\t\t<h3 class=\"entry-title\" style=\"display: none;\">Can I walk with the SmartGlasses?<\/h3><span class=\"vcard\" style=\"display: none;\"><span class=\"fn\"><a href=\"https:\/\/retiplus.com\/en\/author\/admin\/\" title=\"Posts by admin\" rel=\"author\">admin<\/a><\/span><\/span><span class=\"updated\" style=\"display:none\">2023-02-22T10:00:38+00:00<\/span>\r\n<p><span style=\"color: #000000; font-size: 18px;\">After proper training, and depending on the indications of your specialist, you will be authorized under your own responsibility to walk while using your own vision and the extra \"aid view\" provided by the screens of the RETIPLUS SmartGlasses. At the beginning, you should become familiar with the bioptic mode, then the goal is to use the scanning mode.<\/span><\/p>\r\n\t\t<\/div>\r\n\t<\/section>\r\n<\/div>\r\n\r\n<div class=\"faq pacienteseng post-2989 type-faq status-publish hentry faq_cat-pacienteseng\">\r\n\t<section class=\"toggle\">\r\n\t\t<label>Can it be recharged with a Powerbank?<\/label>\r\n\t\t<div class=\"toggle-content\">\r\n\t\t<h3 class=\"entry-title\" style=\"display: none;\">Can it be recharged with a Powerbank?<\/h3><span class=\"vcard\" style=\"display: none;\"><span class=\"fn\"><a href=\"https:\/\/retiplus.com\/en\/author\/admin\/\" title=\"Posts by admin\" rel=\"author\">admin<\/a><\/span><\/span><span class=\"updated\" style=\"display:none\">2023-02-22T10:01:08+00:00<\/span>\r\n<p><span style=\"color: #000000; font-size: 18px;\">The charging of SmartGlasses is simple through a standard USB cable, so it can be charged through any USB charger to electric plug or in the car, or with your computer or via a powerbank, allowing recharging in any situation.<\/span><\/p>\r\n<p><span style=\"color: #000000; font-size: 18px;\">When connecting the Controller of the SmartGlasses with the aforementioned USB cable to a powerbank =&gt; 8,000 mAh, the battery life becomes 10+h.<\/span><\/p>\r\n<p><span style=\"color: #000000; font-size: 18px;\">It is also possible to use the Smartglasses while they are being loaded simultaneously by any of the aforementioned methods.<\/span><\/p>\r\n\r\n\r\n\t\t<\/div>\r\n\t<\/section>\r\n<\/div>\r\n\r\n<div class=\"faq pacienteseng post-2988 type-faq status-publish hentry faq_cat-pacienteseng\">\r\n\t<section class=\"toggle\">\r\n\t\t<label>How long does the battery last?<\/label>\r\n\t\t<div class=\"toggle-content\">\r\n\t\t<h3 class=\"entry-title\" style=\"display: none;\">How long does the battery last?<\/h3><span class=\"vcard\" style=\"display: none;\"><span class=\"fn\"><a href=\"https:\/\/retiplus.com\/en\/author\/admin\/\" title=\"Posts by admin\" rel=\"author\">admin<\/a><\/span><\/span><span class=\"updated\" style=\"display:none\">2023-02-22T10:01:40+00:00<\/span>\r\n<p><span style=\"color: #000000; font-size: 18px;\">It depends considerably on the use and functions that are used. The contour mode, for example, is a large energy consumer due to the powerful algorithms required in real time. However, in the worst case, the battery lasts 3 hours.<\/span><\/p>\r\n<p><span style=\"font-size: 18px; color: #000000;\">Please, be aware that connecting a powerbank =&gt; 8,000mAh, the battery life becomes 10+h.<\/span><\/p>\r\n\t\t<\/div>\r\n\t<\/section>\r\n<\/div>\r\n\r\n<div class=\"faq pacienteseng post-2987 type-faq status-publish hentry faq_cat-pacienteseng\">\r\n\t<section class=\"toggle\">\r\n\t\t<label>Should I take off my prescription glasses to use RETIPLUS\u00ae?<\/label>\r\n\t\t<div class=\"toggle-content\">\r\n\t\t<h3 class=\"entry-title\" style=\"display: none;\">Should I take off my prescription glasses to use RETIPLUS\u00ae?<\/h3><span class=\"vcard\" style=\"display: none;\"><span class=\"fn\"><a href=\"https:\/\/retiplus.com\/en\/author\/admin\/\" title=\"Posts by admin\" rel=\"author\">admin<\/a><\/span><\/span><span class=\"updated\" style=\"display:none\">2023-02-22T10:02:10+00:00<\/span><span style=\"font-size: 18px; color: #000000;\">Progressive lenses can be used under SmartGlasses.<\/span>\r\n\r\n<span style=\"font-size: 18px; color: #000000;\">On the contrary, non-progressive lenses are not OK with RETIPLUS.<\/span>\r\n\r\n<span style=\"font-size: 18px; color: #000000;\">In any case, your Specialist will advise you or provide you with a frame for lenses that will fit the SmartGlasses. Same accessory is to be used when Patient needs selective filters.<\/span>\t\t<\/div>\r\n\t<\/section>\r\n<\/div>\r\n\r\n<div class=\"faq pacienteseng post-2986 type-faq status-publish hentry faq_cat-pacienteseng\">\r\n\t<section class=\"toggle\">\r\n\t\t<label>Do we need to focus the image?<\/label>\r\n\t\t<div class=\"toggle-content\">\r\n\t\t<h3 class=\"entry-title\" style=\"display: none;\">Do we need to focus the image?<\/h3><span class=\"vcard\" style=\"display: none;\"><span class=\"fn\"><a href=\"https:\/\/retiplus.com\/en\/author\/admin\/\" title=\"Posts by admin\" rel=\"author\">admin<\/a><\/span><\/span><span class=\"updated\" style=\"display:none\">2023-02-22T10:02:39+00:00<\/span>\r\n<p><span style=\"color: #000000; font-size: 18px;\">Unlike other devices with screens close to the eyes that require intermediate lenses for focusing (Virtual Reality devices). However, our SmartGlasses works on Augmented Reality. The images are projected to infinity and are always on focus.<\/span><\/p>\r\n\t\t<\/div>\r\n\t<\/section>\r\n<\/div>\r\n\r\n<div class=\"faq pacienteseng post-2985 type-faq status-publish hentry faq_cat-pacienteseng\">\r\n\t<section class=\"toggle\">\r\n\t\t<label>Do SmartGlasses need to be connected to the internet?<\/label>\r\n\t\t<div class=\"toggle-content\">\r\n\t\t<h3 class=\"entry-title\" style=\"display: none;\">Do SmartGlasses need to be connected to the internet?<\/h3><span class=\"vcard\" style=\"display: none;\"><span class=\"fn\"><a href=\"https:\/\/retiplus.com\/en\/author\/admin\/\" title=\"Posts by admin\" rel=\"author\">admin<\/a><\/span><\/span><span class=\"updated\" style=\"display:none\">2023-02-22T10:03:09+00:00<\/span><span style=\"color: #000000; font-size: 18px;\">Do not.<\/span>\t\t<\/div>\r\n\t<\/section>\r\n<\/div>\r\n\r\n<div class=\"faq pacienteseng profesionales post-2984 type-faq status-publish hentry faq_cat-pacienteseng faq_cat-profesionales\">\r\n\t<section class=\"toggle\">\r\n\t\t<label>Will I have a patient care service for any questions or problems?<\/label>\r\n\t\t<div class=\"toggle-content\">\r\n\t\t<h3 class=\"entry-title\" style=\"display: none;\">Will I have a patient care service for any questions or problems?<\/h3><span class=\"vcard\" style=\"display: none;\"><span class=\"fn\"><a href=\"https:\/\/retiplus.com\/en\/author\/admin\/\" title=\"Posts by admin\" rel=\"author\">admin<\/a><\/span><\/span><span class=\"updated\" style=\"display:none\">2023-02-22T10:03:41+00:00<\/span><span style=\"color: #000000; font-size: 18px;\">In the first service level, please call your RCO at the Ophthalmology Center<\/span>\r\n<span style=\"color: #000000; font-size: 18px;\">where they trained you and you acquired the device. They know your visual condition and will easily discriminate if it is an optical or technical issue.<\/span>\r\n\r\n<span style=\"color: #000000; font-size: 18px;\">In case of a technical issue, our help service is available at info@retiplus.com or by phone (+34) 681.202.247.<\/span>\t\t<\/div>\r\n\t<\/section>\r\n<\/div>\r\n\r\n<div class=\"faq pacienteseng profesionaleseng post-2975 type-faq status-publish hentry faq_cat-pacienteseng faq_cat-profesionaleseng\">\r\n\t<section class=\"toggle\">\r\n\t\t<label>Does the System need to be connected to the internet to work?<\/label>\r\n\t\t<div class=\"toggle-content\">\r\n\t\t<h3 class=\"entry-title\" style=\"display: none;\">Does the System need to be connected to the internet to work?<\/h3><span class=\"vcard\" style=\"display: none;\"><span class=\"fn\"><a href=\"https:\/\/retiplus.com\/en\/author\/admin\/\" title=\"Posts by admin\" rel=\"author\">admin<\/a><\/span><\/span><span class=\"updated\" style=\"display:none\">2023-02-22T10:08:01+00:00<\/span>\r\n<p><span style=\"font-size: 18px; color: #000000;\">No. The Professional only have to connect the Tablet to the internet at the moment of login for verification of active license and authenticated user through your personal password. Once the RETIPLUS platform has been recognized the user, the internet connection is no longer necessary.<\/span><\/p>\r\n<p><span style=\"font-size: 18px; color: #000000;\">The Patient SmartGlasses do not need internet to work.<\/span><\/p>\r\n\t\t<\/div>\r\n\t<\/section>\r\n<\/div>\r\n\t\t<\/div>\r\n\r\n\t\t\r\n\t<\/div>\r\n\r\n\t\r\n\t<\/div>[\/vc_column][\/vc_row][vc_row full_width=&#8221;stretch_row&#8221; wrap_container=&#8221;yes&#8221; css=&#8221;.vc_custom_1548170875105{background-color: #f2f2f2 !important;}&#8221;][vc_column][vc_empty_space][vc_row_inner css=&#8221;.vc_custom_1548170864402{background-color: #f2f2f2 !important;}&#8221;][vc_column_inner][vc_custom_heading text=&#8221;Patients <b>review<\/b>&#8221; font_container=&#8221;tag:h2|font_size:25|text_align:left|line_height:1.2&#8243; use_theme_fonts=&#8221;yes&#8221;][vc_empty_space height=&#8221;30px&#8221;]<div class=\"porto-carousel owl-carousel has-ccols has-ccols-spacing ccols-xl-1 ccols-lg-1 ccols-md-1 ccols-sm-1 ccols-1 wpb_custom_c5ae0bae3d1f0403df33544cb3b00f85\" data-plugin-options=\"{&quot;themeConfig&quot;:true,&quot;stagePadding&quot;:0,&quot;margin&quot;:30,&quot;autoplay&quot;:&quot;yes&quot;,&quot;mouseDrag&quot;:true,&quot;touchDrag&quot;:true,&quot;autoplayTimeout&quot;:8000,&quot;autoplayHoverPause&quot;:false,&quot;items&quot;:1,&quot;xl&quot;:1,&quot;lg&quot;:1,&quot;md&quot;:1,&quot;sm&quot;:1,&quot;xs&quot;:1,&quot;nav&quot;:false,&quot;dots&quot;:&quot;yes&quot;,&quot;animateIn&quot;:&quot;&quot;,&quot;animateOut&quot;:&quot;&quot;,&quot;loop&quot;:&quot;yes&quot;,&quot;center&quot;:false,&quot;video&quot;:false,&quot;lazyLoad&quot;:false,&quot;fullscreen&quot;:false}\"><div class=\"porto-testimonial wpb_content_element   wpb_custom_4760b66c0cbf51ec9a7673f3785bca75\"><div class=\"testimonial\"><blockquote><p>I can enjoy the landscape, orient myself better in dark areas, it helps me distinguish and anticipate obstacles, In short, it makes my life easier and I feel that it activates me visually.<\/p><\/blockquote><div class=\"testimonial-arrow-down\"><\/div><div class=\"testimonial-author\"><div class=\"testimonial-author-thumbnail\"><img loading=\"lazy\" decoding=\"async\" src=\"https:\/\/retiplus.com\/wp-content\/uploads\/2023\/02\/alejandro-paciente-glaucoma-150x150.png\" alt=\"Alejandro\" class=\"img-circle\" width=\"150\" height=\"150\"><\/div><p><strong>Alejandro<\/strong><span>Glaucoma and hearing loss patient. Chile<\/span><\/p><\/div><\/div><\/div><div class=\"porto-testimonial wpb_content_element   wpb_custom_4760b66c0cbf51ec9a7673f3785bca75\"><div class=\"testimonial\"><blockquote><p>Now I can see the full images. And the truth is that, I can say that it excites me\u2026<\/p><\/blockquote><div class=\"testimonial-arrow-down\"><\/div><div class=\"testimonial-author\"><div class=\"testimonial-author-thumbnail\"><img loading=\"lazy\" decoding=\"async\" src=\"https:\/\/retiplus.com\/wp-content\/uploads\/2019\/01\/gloria-paciente.jpg\" alt=\"Gloria\" class=\"img-circle\" width=\"120\" height=\"120\"><\/div><p><strong>Gloria<\/strong><span>Retinitis Pigmentosa patient, Argentina<\/span><\/p><\/div><\/div><\/div><div class=\"porto-testimonial wpb_content_element   wpb_custom_4760b66c0cbf51ec9a7673f3785bca75\"><div class=\"testimonial\"><blockquote><p>&#8230; I can see how the edges of each of the steps are, and climb the ladder<br \/>\nwithout difficulties &#8230;<\/p><\/blockquote><div class=\"testimonial-arrow-down\"><\/div><div class=\"testimonial-author\"><div class=\"testimonial-author-thumbnail\"><img loading=\"lazy\" decoding=\"async\" src=\"https:\/\/retiplus.com\/wp-content\/uploads\/2019\/02\/alexis-paciente-chile-150x150.png\" alt=\"Alexis\" class=\"img-circle\" width=\"150\" height=\"150\"><\/div><p><strong>Alexis<\/strong><span>Retinitis pigmentosa Patient, Chile<\/span><\/p><\/div><\/div><\/div><\/div>[\/vc_column_inner][\/vc_row_inner][vc_btn title=&#8221;<strong>Watch our patients video-testimonies<\/strong>&#8221; style=&#8221;custom&#8221; custom_background=&#8221;#002ca1&#8243; custom_text=&#8221;#ffffff&#8221; align=&#8221;center&#8221; link=&#8221;url:http%3A%2F%2Fretiplus.com%2Fen%2Fretiplus2019%2Ftestimonios%2F%23video-pacientes&#8221;][\/vc_column][\/vc_row][vc_row full_width=&#8221;stretch_row&#8221; el_id=&#8221;fila-azul-contacto&#8221; css=&#8221;.vc_custom_1549019630376{background-color: #023ca8 !important;}&#8221;][vc_column]\n<div class=\"wpcf7 no-js\" id=\"wpcf7-f2812-o1\" lang=\"en-US\" dir=\"ltr\" data-wpcf7-id=\"2812\">\n<div class=\"screen-reader-response\"><p role=\"status\" aria-live=\"polite\" aria-atomic=\"true\"><\/p> <ul><\/ul><\/div>\n<form action=\"\/en\/wp-json\/wp\/v2\/pages\/2966\/#wpcf7-f2812-o1\" method=\"post\" class=\"wpcf7-form init\" aria-label=\"Contact form\" novalidate=\"novalidate\" data-status=\"init\">\n<fieldset class=\"hidden-fields-container\"><input type=\"hidden\" name=\"_wpcf7\" value=\"2812\" \/><input type=\"hidden\" name=\"_wpcf7_version\" value=\"6.1.3\" \/><input type=\"hidden\" name=\"_wpcf7_locale\" value=\"en_US\" \/><input type=\"hidden\" name=\"_wpcf7_unit_tag\" value=\"wpcf7-f2812-o1\" \/><input type=\"hidden\" name=\"_wpcf7_container_post\" value=\"0\" \/><input type=\"hidden\" name=\"_wpcf7_posted_data_hash\" value=\"\" \/>\n<\/fieldset>\n<h2 class=\"short mb-2\"><b>Cont\u00e1ctanos<\/b><\/h2>\n<p class=\"mb-5\">Si tienes cualquier duda o consulta escr\u00edbenos y estaremos encantados de atenderte lo antes posible.<\/p>\n\n\n<div class=\"row form-row\">\n\t<div class=\"col-lg-12\">\n\t    <div class=\"row\">\n\t    \t<div class=\"col-md-6\">\n\t    \t\t<div class=\"form-group\">\n\t\t\t        <label for=\"contact-name\" class=\"font-weight-bold \">Por favor, marque su(s) patolog\u00edas *<\/label>\n\t\t\t        <span class=\"wpcf7-form-control-wrap\" data-name=\"acceptance-659\"><span class=\"wpcf7-form-control wpcf7-acceptance optional\"><span class=\"wpcf7-list-item\"><label><input type=\"checkbox\" name=\"acceptance-659\" value=\"1\" aria-invalid=\"false\" \/><span class=\"wpcf7-list-item-label\">DMAE<\/span><\/label><\/span><\/span><\/span>\n\t\t\t        <span class=\"wpcf7-form-control-wrap\" data-name=\"acceptance-660\"><span class=\"wpcf7-form-control wpcf7-acceptance optional\"><span class=\"wpcf7-list-item\"><label><input type=\"checkbox\" name=\"acceptance-660\" value=\"1\" aria-invalid=\"false\" \/><span class=\"wpcf7-list-item-label\">Retinosis pigmentaria<\/span><\/label><\/span><\/span><\/span>\n\t\t\t        <span class=\"wpcf7-form-control-wrap\" data-name=\"acceptance-267\"><span class=\"wpcf7-form-control wpcf7-acceptance optional\"><span class=\"wpcf7-list-item\"><label><input type=\"checkbox\" name=\"acceptance-267\" value=\"1\" aria-invalid=\"false\" \/><span class=\"wpcf7-list-item-label\">Glaucoma<\/span><\/label><\/span><\/span><\/span>\n\t\t\t        <span class=\"wpcf7-form-control-wrap\" data-name=\"acceptance-268\"><span class=\"wpcf7-form-control wpcf7-acceptance optional\"><span class=\"wpcf7-list-item\"><label><input type=\"checkbox\" name=\"acceptance-268\" value=\"1\" aria-invalid=\"false\" \/><span class=\"wpcf7-list-item-label\">Retinopat\u00eda diab\u00e9tica<\/span><\/label><\/span><\/span><\/span>\n\t\t\t        <span class=\"wpcf7-form-control-wrap\" data-name=\"acceptance-269\"><span class=\"wpcf7-form-control wpcf7-acceptance optional\"><span class=\"wpcf7-list-item\"><label><input type=\"checkbox\" name=\"acceptance-269\" value=\"1\" aria-invalid=\"false\" \/><span class=\"wpcf7-list-item-label\">Edema macular<\/span><\/label><\/span><\/span><\/span>\n\t\t\t        <span class=\"wpcf7-form-control-wrap\" data-name=\"acceptance-270\"><span class=\"wpcf7-form-control wpcf7-acceptance optional\"><span class=\"wpcf7-list-item\"><label><input type=\"checkbox\" name=\"acceptance-270\" value=\"1\" aria-invalid=\"false\" \/><span class=\"wpcf7-list-item-label\">Miop\u00eda magna<\/span><\/label><\/span><\/span><\/span>\n\t\t\t        <span class=\"wpcf7-form-control-wrap\" data-name=\"acceptance-272\"><span class=\"wpcf7-form-control wpcf7-acceptance optional\"><span class=\"wpcf7-list-item\"><label><input type=\"checkbox\" name=\"acceptance-272\" value=\"1\" aria-invalid=\"false\" \/><span class=\"wpcf7-list-item-label\">S\u00edndrome de Usher<\/span><\/label><\/span><\/span><\/span>\n\t\t\t        <span class=\"wpcf7-form-control-wrap\" data-name=\"acceptance-273\"><span class=\"wpcf7-form-control wpcf7-acceptance optional\"><span class=\"wpcf7-list-item\"><label><input type=\"checkbox\" name=\"acceptance-273\" value=\"1\" aria-invalid=\"false\" \/><span class=\"wpcf7-list-item-label\">Hemianopsia<\/span><\/label><\/span><\/span><\/span>\n\t\t\t        <span class=\"wpcf7-form-control-wrap\" data-name=\"acceptance-274\"><span class=\"wpcf7-form-control wpcf7-acceptance optional\"><span class=\"wpcf7-list-item\"><label><input type=\"checkbox\" name=\"acceptance-274\" value=\"1\" aria-invalid=\"false\" \/><span class=\"wpcf7-list-item-label\">Ictus<\/span><\/label><\/span><\/span><\/span>\n\t\t\t        <span class=\"wpcf7-form-control-wrap\" data-name=\"acceptance-275\"><span class=\"wpcf7-form-control wpcf7-acceptance optional\"><span class=\"wpcf7-list-item\"><label><input type=\"checkbox\" name=\"acceptance-275\" value=\"1\" aria-invalid=\"false\" \/><span class=\"wpcf7-list-item-label\">Da\u00f1o cerebral adquirido<\/span><\/label><\/span><\/span><\/span>\n\t\t\t        <span class=\"wpcf7-form-control-wrap\" data-name=\"acceptance-271\"><span class=\"wpcf7-form-control wpcf7-acceptance optional\"><span class=\"wpcf7-list-item\"><label><input type=\"checkbox\" name=\"acceptance-271\" value=\"1\" aria-invalid=\"false\" \/><span class=\"wpcf7-list-item-label\">Aniridia<\/span><\/label><\/span><\/span><\/span>\n\t\t\t       \t<span class=\"wpcf7-form-control-wrap\" data-name=\"acceptance-272\"><span class=\"wpcf7-form-control wpcf7-acceptance optional\"><span class=\"wpcf7-list-item\"><label><input type=\"checkbox\" name=\"acceptance-272\" value=\"1\" aria-invalid=\"false\" \/><span class=\"wpcf7-list-item-label\">Otra (defina cu\u00e1l)<\/span><\/label><\/span><\/span><\/span><span class=\"wpcf7-form-control-wrap\" data-name=\"text-904\"><input size=\"40\" maxlength=\"400\" class=\"wpcf7-form-control wpcf7-text\" aria-invalid=\"false\" placeholder=\"indique patolog\u00eda\" value=\"\" type=\"text\" name=\"text-904\" \/><\/span>\n\t\t\t    <\/div>\n\t\t        <div class=\"form-group\">\n\t\t\t        <label for=\"contact-name\" class=\"font-weight-bold \">\u00bfQu\u00e9 ayudas visuales utiliza actualmente <br> (lupas, telescopios, etc) y para qu\u00e9 actividad?*<\/label><span class=\"wpcf7-form-control-wrap\" data-name=\"textarea-749\"><textarea cols=\"40\" rows=\"10\" maxlength=\"2000\" class=\"wpcf7-form-control wpcf7-textarea wpcf7-validates-as-required\" aria-required=\"true\" aria-invalid=\"false\" name=\"textarea-749\"><\/textarea><\/span>\n\t\t        <\/div>\n\t\t\t<\/div>\n\t    \t<div class=\"col-md-6\">\n\t    \t\t<div class=\"form-group\">\n\t    \t\t\t<label for=\"contact-name\" class=\"font-weight-bold \">Describa su resto visual en cada ojo con nivel de agudeza visual y \u00e1ngulo de campo visual.*<\/label><span class=\"wpcf7-form-control-wrap\" data-name=\"textarea-970\"><textarea cols=\"40\" rows=\"10\" maxlength=\"2000\" class=\"wpcf7-form-control wpcf7-textarea wpcf7-validates-as-required\" aria-required=\"true\" aria-invalid=\"false\" name=\"textarea-970\"><\/textarea><\/span>\n\t    \t\t<\/div>\t    \n\t    \t\t<div class=\"form-group\">\n\t    \t\t    <label for=\"contact-name\" class=\"font-weight-bold \">\u00bfPertenece Vd. a alguna asociaci\u00f3n (ONCE, etc)?<\/label><span class=\"wpcf7-form-control-wrap\" data-name=\"textarea-124\"><textarea cols=\"40\" rows=\"10\" maxlength=\"2000\" class=\"wpcf7-form-control wpcf7-textarea\" aria-invalid=\"false\" name=\"textarea-124\"><\/textarea><\/span>\n\t    \t\t<\/div>\n\t\t\t    <div class=\"form-group\">\n\t    \t\t    <label for=\"contact-name\" class=\"font-weight-bold \">\u00bfEn qu\u00e9 centro de oftalmolog\u00eda realiza sus revisiones peri\u00f3dicas?<\/label><span class=\"wpcf7-form-control-wrap\" data-name=\"text-670\"><input size=\"40\" maxlength=\"400\" class=\"wpcf7-form-control wpcf7-text\" aria-invalid=\"false\" value=\"\" type=\"text\" name=\"text-670\" \/><\/span>\n            \t<\/div>\n            <\/div>\n\t\t<\/div>\n\t<\/div>\n<\/div>\n<hr>\n\n<div class=\"row form-row\">\n\t<div class=\"col-lg-12\">\n\t    <div class=\"row\">\n\t    \t<div class=\"col-md-4\">\n\t    \t\t<div class=\"form-group\">\n\t    \t\t            <label for=\"contact-name\" class=\"font-weight-bold \">Nombre *<\/label>\n\t    \t\t            <span class=\"wpcf7-form-control-wrap\" data-name=\"your-name\"><input size=\"40\" maxlength=\"400\" class=\"wpcf7-form-control wpcf7-text wpcf7-validates-as-required form-control\" id=\"contact-name\" aria-required=\"true\" aria-invalid=\"false\" value=\"\" type=\"text\" name=\"your-name\" \/><\/span>\n\t    \t\t<\/div>\n\t    \t<\/div>\n\t    \t<div class=\"col-md-1\">\n\t    \t    <div class=\"form-group\">\n\t    \t\t            <label for=\"contact-name\" class=\"font-weight-bold \">Edad *<\/label>\n\t    \t\t            <span class=\"wpcf7-form-control-wrap\" data-name=\"text-748\"><input size=\"40\" maxlength=\"400\" class=\"wpcf7-form-control wpcf7-text wpcf7-validates-as-required\" aria-required=\"true\" aria-invalid=\"false\" value=\"\" type=\"text\" name=\"text-748\" \/><\/span>\n\t    \t\t<\/div>\n\t    \t<\/div>\n\t    \t<div class=\"col-md-3\">\n\t\t    \t<div class=\"form-group\">\n\t\t        \t<label for=\"contact-name\" class=\"font-weight-bold \">Tel\u00e9fono*<\/label>\n\t\t        \t<span class=\"wpcf7-form-control-wrap\" data-name=\"text-749\"><input size=\"40\" maxlength=\"400\" class=\"wpcf7-form-control wpcf7-text wpcf7-validates-as-required\" aria-required=\"true\" aria-invalid=\"false\" value=\"\" type=\"text\" name=\"text-749\" \/><\/span>\n\t\t    \t<\/div>\n\t\t\t<\/div>\n\t\t\t<div class=\"col-md-3\">\n\t\t\t    <div class=\"form-group\">\n\t\t\t        <label for=\"contact-email\" class=\"font-weight-bold \">Email *<\/label>\n\t\t\t        <span class=\"wpcf7-form-control-wrap\" data-name=\"your-email\"><input size=\"40\" maxlength=\"400\" class=\"wpcf7-form-control wpcf7-email wpcf7-validates-as-required wpcf7-text wpcf7-validates-as-email form-control\" id=\"contact-email\" aria-required=\"true\" aria-invalid=\"false\" value=\"\" type=\"email\" name=\"your-email\" \/><\/span>\n\t\t    \t<\/div>\n\t\t\t<\/div>\n    \t<\/div>\n    <\/div>\n<\/div>\n\n<div class=\"row form-row\">\n\t<div class=\"col-lg-12\">\n\t    <div class=\"row\">\n\t    \t<div class=\"col-md-6\">\n\t    \t\t<div class=\"form-group\">\n\t    \t\t\t <label for=\"contact-name\" class=\"font-weight-bold \">\u00bfEn qu\u00e9 ciudad vive?*<\/label><span class=\"wpcf7-form-control-wrap\" data-name=\"text-70\"><input size=\"40\" maxlength=\"400\" class=\"wpcf7-form-control wpcf7-text wpcf7-validates-as-required\" aria-required=\"true\" aria-invalid=\"false\" value=\"\" type=\"text\" name=\"text-70\" \/><\/span>\n\t    \t\t<\/div>\n\t    \t<\/div>\n\t    \t<div class=\"col-md-6\">\n\t    \t\t<div class=\"form-group\">\n\t    \t\t\t<label for=\"contact-name\" class=\"font-weight-bold \">\u00bfDesear\u00eda probar la gafa electr\u00f3nica RETIPLUS?<\/label><br><span class=\"wpcf7-form-control-wrap\" data-name=\"radio-284\"><span class=\"wpcf7-form-control wpcf7-radio\"><span class=\"wpcf7-list-item first\"><input type=\"radio\" name=\"radio-284\" value=\"Si\" checked=\"checked\" \/><span class=\"wpcf7-list-item-label\">Si<\/span><\/span><span class=\"wpcf7-list-item last\"><input type=\"radio\" name=\"radio-284\" value=\"No\" \/><span class=\"wpcf7-list-item-label\">No<\/span><\/span><\/span><\/span>\n\t    \t\t<\/div>\n\t    \t<\/div>\n\t    <\/div>\n\t<\/div>\n\t<div class=\"col-lg-10\">\n        <div class=\"form-group\">\n            <label for=\"contact-message\" class=\"font-weight-bold \">Mensaje<\/label>\n            <span class=\"wpcf7-form-control-wrap\" data-name=\"your-message\"><textarea cols=\"40\" rows=\"10\" maxlength=\"2000\" class=\"wpcf7-form-control wpcf7-textarea form-control\" id=\"contact-message\" aria-invalid=\"false\" name=\"your-message\"><\/textarea><\/span>\n        <\/div>\n    <\/div>\n    <div class=\"col-lg-12\">\n        <div class=\"form-group\">\n            <span class=\"wpcf7-form-control-wrap\" data-name=\"acceptance-883\"><span class=\"wpcf7-form-control wpcf7-acceptance optional\"><span class=\"wpcf7-list-item\"><label><input type=\"checkbox\" name=\"acceptance-883\" value=\"1\" aria-invalid=\"false\" \/><span class=\"wpcf7-list-item-label\">Acepto recibir informaci\u00f3n de caracter comercial.<\/span><\/label><\/span><\/span><\/span>\n            <span class=\"wpcf7-form-control-wrap\" data-name=\"acceptance-579\"><span class=\"wpcf7-form-control wpcf7-acceptance\"><span class=\"wpcf7-list-item\"><label><input type=\"checkbox\" name=\"acceptance-579\" value=\"1\" aria-invalid=\"false\" \/><span class=\"wpcf7-list-item-label\">He le\u00eddo y acepto la <a href=\"http:\/\/retiplus.com\/retiplus2019\/politica-de-privacidad\/\" style=\"color:#FFF;\">Pol\u00edtica de Privacidad.<\/a><\/span><\/label><\/span><\/span><\/span>\n        <\/div>\n    <\/div>\n    <div class=\"col-lg-12\">\n        <div class=\"form-group\">\n            <input class=\"wpcf7-form-control wpcf7-submit has-spinner boton-formulario-azul btn\" type=\"submit\" value=\"Enviar\" \/>\n        <\/div>\n    <\/div>\n<\/div><div class=\"wpcf7-response-output\" aria-hidden=\"true\"><\/div>\n<\/form>\n<\/div>\n[\/vc_column][\/vc_row][vc_row full_width=&#8221;stretch_row&#8221; css=&#8221;.vc_custom_1549059694432{background-color: #ffffff !important;}&#8221;][vc_column][vc_column_text]<div class=\"porto-block\" data-id=\"4573\">[vc_row][vc_column][vc_empty_space height=\"60px\"][vc_custom_heading text=\"Partners\" font_container=\"tag:h2|text_align:center|color:%23002ca1\" use_theme_fonts=\"yes\"][vc_images_carousel images=\"2856,2321,2833,2319,2324,2808,3267,3269,4566\" img_size=\"full\" onclick=\"link_no\" slides_per_view=\"5\" autoplay=\"yes\" wrap=\"yes\"][vc_single_image image=\"4275\" img_size=\"full\" alignment=\"center\"][vc_single_image image=\"5065\" img_size=\"full\" alignment=\"center\" label=\"\"][\/vc_column][\/vc_row]<\/div>[\/vc_column_text][\/vc_column][\/vc_row]<\/p>\n<\/div>","protected":false},"excerpt":{"rendered":"<p>[vc_row][vc_column][vc_custom_heading text=&#8221;Patients FAQs&#8221; font_container=&#8221;tag:h2|font_size:25|text_align:left|line_height:1.2&#8243; use_theme_fonts=&#8221;yes&#8221;][\/vc_column][\/vc_row][vc_row full_width=&#8221;stretch_row&#8221; wrap_container=&#8221;yes&#8221; css=&#8221;.vc_custom_1548170875105{background-color: #f2f2f2 !important;}&#8221;][vc_column][vc_empty_space][vc_row_inner css=&#8221;.vc_custom_1548170864402{background-color: #f2f2f2 !important;}&#8221;][vc_column_inner][vc_custom_heading text=&#8221;Patients review&#8221; font_container=&#8221;tag:h2|font_size:25|text_align:left|line_height:1.2&#8243; use_theme_fonts=&#8221;yes&#8221;][vc_empty_space height=&#8221;30px&#8221;][\/vc_column_inner][\/vc_row_inner][vc_btn title=&#8221;Watch our patients video-testimonies&#8221; style=&#8221;custom&#8221; custom_background=&#8221;#002ca1&#8243; custom_text=&#8221;#ffffff&#8221; align=&#8221;center&#8221; link=&#8221;url:http%3A%2F%2Fretiplus.com%2Fen%2Fretiplus2019%2Ftestimonios%2F%23video-pacientes&#8221;][\/vc_column][\/vc_row][vc_row full_width=&#8221;stretch_row&#8221; el_id=&#8221;fila-azul-contacto&#8221; css=&#8221;.vc_custom_1549019630376{background-color: #023ca8 !important;}&#8221;][vc_column][\/vc_column][\/vc_row][vc_row full_width=&#8221;stretch_row&#8221; css=&#8221;.vc_custom_1549059694432{background-color: #ffffff !important;}&#8221;][vc_column][vc_column_text][\/vc_column_text][\/vc_column][\/vc_row]<\/p>\n","protected":false},"author":1,"featured_media":0,"parent":0,"menu_order":0,"comment_status":"closed","ping_status":"closed","template":"","meta":{"om_disable_all_campaigns":false,"_monsterinsights_skip_tracking":false,"_monsterinsights_sitenote_active":false,"_monsterinsights_sitenote_note":"","_monsterinsights_sitenote_category":0,"_joinchat":[],"footnotes":""},"class_list":["post-2966","page","type-page","status-publish","hentry"],"_links":{"self":[{"href":"https:\/\/retiplus.com\/en\/wp-json\/wp\/v2\/pages\/2966\/"}],"collection":[{"href":"https:\/\/retiplus.com\/en\/wp-json\/wp\/v2\/pages\/"}],"about":[{"href":"https:\/\/retiplus.com\/en\/wp-json\/wp\/v2\/types\/page\/"}],"author":[{"embeddable":true,"href":"https:\/\/retiplus.com\/en\/wp-json\/wp\/v2\/users\/1\/"}],"replies":[{"embeddable":true,"href":"https:\/\/retiplus.com\/en\/wp-json\/wp\/v2\/comments\/?post=2966"}],"version-history":[{"count":11,"href":"https:\/\/retiplus.com\/en\/wp-json\/wp\/v2\/pages\/2966\/revisions\/"}],"predecessor-version":[{"id":4583,"href":"https:\/\/retiplus.com\/en\/wp-json\/wp\/v2\/pages\/2966\/revisions\/4583\/"}],"wp:attachment":[{"href":"https:\/\/retiplus.com\/en\/wp-json\/wp\/v2\/media\/?parent=2966"}],"curies":[{"name":"wp","href":"https:\/\/api.w.org\/{rel}","templated":true}]}}